{"id":5796,"date":"2026-03-11T09:28:46","date_gmt":"2026-03-11T08:28:46","guid":{"rendered":"https:\/\/fritzjeitler.com\/testimonial\/mycofix-zdravje-zivali-v-visoko-zmogljivem-sektorju\/"},"modified":"2026-04-22T17:31:03","modified_gmt":"2026-04-22T15:31:03","slug":"mycofix-zdravje-zivali-v-visoko-zmogljivem-sektorju","status":"publish","type":"cg_testimonial","link":"https:\/\/fritzjeitler.com\/sl\/testimonial\/mycofix-zdravje-zivali-v-visoko-zmogljivem-sektorju\/","title":{"rendered":"Mycofix\u00ae &#8211; Zdravje \u017eivali v visoko zmogljivem sektorju!"},"content":{"rendered":"\n<h1 class=\"wp-block-heading\">Mycofix\u00ae &#8211; Zdravje \u017eivali v visoko zmogljivem sektorju!<\/h1>\n\n<p>Dru\u017eina Elisabeth in Johann Moitzi iz Obdacha je \u017ee vrsto let ena najbolj\u0161ih rejskih kmetij Fleckvieh v Avstriji. \u0160tevilne nagrade in priznanja pri\u010dajo o uspehu njunega rejskega dela. Proizvodnja temelji na proizvodnji mleka in prodaji plemenskih \u017eivali.  <\/p>\n\n<figure class=\"wp-block-image aligncenter size-full is-resized\"><img loading=\"lazy\" decoding=\"async\" width=\"992\" height=\"744\" src=\"https:\/\/fritzjeitler.com\/wp-content\/uploads\/2026\/03\/RF-01-2021-Moitzi-2.jpg\" alt=\"Familie Elisabeth und Johann Moitzi aus Obdach\" class=\"wp-image-3849\" style=\"width:768px;height:auto\" srcset=\"https:\/\/fritzjeitler.com\/wp-content\/uploads\/2026\/03\/RF-01-2021-Moitzi-2.jpg 992w, https:\/\/fritzjeitler.com\/wp-content\/uploads\/2026\/03\/RF-01-2021-Moitzi-2-300x225.jpg 300w, https:\/\/fritzjeitler.com\/wp-content\/uploads\/2026\/03\/RF-01-2021-Moitzi-2-768x576.jpg 768w\" sizes=\"auto, (max-width: 992px) 100vw, 992px\" \/><figcaption class=\"wp-element-caption\">Dru\u017eina Elisabeth in Johann Moitzi iz Obdacha<\/figcaption><\/figure>\n\n<div class=\"wp-block-columns is-layout-flex wp-container-core-columns-is-layout-2ce4bb24 wp-block-columns-is-layout-flex\" style=\"padding-top:var(--wp--preset--spacing--110);padding-bottom:var(--wp--preset--spacing--110)\">\n<div class=\"wp-block-column is-vertically-aligned-center is-layout-flow wp-block-column-is-layout-flow\" style=\"flex-basis:66.66%\">\n<h2 class=\"wp-block-heading\">Partnerstvo s kakovostjo tresenja rok<\/h2>\n\n\n\n<p>Mlado govedo se vzreja na partnerski kmetiji dru\u017eine Zechner iz Obdacha, ustanoviteljev podjetja Perwolf-G\u00fclletechnik. Sodelovanje traja \u017ee ve\u010d kot 17 let in se odli\u010dno obnese. Zunanje upravljanje je \u017ee 25 let v celoti preneseno na zunanjega izvajalca, petkosno travinje pa pogodbenik silira s krmnim kombajnom. Gnojevka se hitro in u\u010dinkovito porazdeli s pomo\u010djo cevi za gnojevko.    <\/p>\n<\/div>\n\n\n\n<div class=\"wp-block-column is-vertically-aligned-center is-layout-flow wp-block-column-is-layout-flow\" style=\"flex-basis:50%\">\n<figure class=\"wp-block-image aligncenter size-full is-resized\"><img loading=\"lazy\" decoding=\"async\" width=\"1024\" height=\"579\" src=\"https:\/\/fritzjeitler.com\/wp-content\/uploads\/2026\/03\/RF-01-2021-Moitzi-1024x579-1.jpg\" alt=\"Betriebsspiegel Familie Elisabeth und Johann Moitzi aus Obdach\" class=\"wp-image-3851\" style=\"aspect-ratio:1.7686706181202372;width:400px\" srcset=\"https:\/\/fritzjeitler.com\/wp-content\/uploads\/2026\/03\/RF-01-2021-Moitzi-1024x579-1.jpg 1024w, https:\/\/fritzjeitler.com\/wp-content\/uploads\/2026\/03\/RF-01-2021-Moitzi-1024x579-1-300x170.jpg 300w, https:\/\/fritzjeitler.com\/wp-content\/uploads\/2026\/03\/RF-01-2021-Moitzi-1024x579-1-768x434.jpg 768w\" sizes=\"auto, (max-width: 1024px) 100vw, 1024px\" \/><\/figure>\n<\/div>\n<\/div>\n\n<h2 class=\"wp-block-heading\">Hranjenje s TMR<\/h2>\n\n<p>\u017de sedem let se TMR krmijo z me\u0161alnikom, kar ne pomeni le ve\u010djega vnosa suhe snovi, temve\u010d tudi bolj zdravo \u017eivino in bolj\u0161o zmogljivost!<\/p>\n\n<h2 class=\"wp-block-heading\">Uporaba zdravila Mycofix\u00ae z me\u0161alnim vozi\u010dkom<\/h2>\n\n<p>Od avgusta 2020 se Mycofix<sup>\u00ae<\/sup> hrani z me\u0161alnim vozom v odmerku 70 g\/kravo\/dan. U\u010dinek je bil takoj opazen tudi na kmetiji Moitzi, zlasti poleti, ko je vro\u010dinski stres vedno problem. Tudi velike koli\u010dine koruze in koruzne sila\u017ee za zrnje, ki se uporabljajo na kmetiji, so pokazale, da je mogo\u010de znatno zmanj\u0161ati zlasti \u0161tevilo somatskih celic. <strong><em>&#8220;Celo pri posameznih kravah, pri katerih je bilo \u0161tevilo celic le 20.000, je padlo pod 10.000!&#8221;<\/em><\/strong> pojasnjuje Johann Moitzi. Nadaljnji u\u010dinki so jasno vidni v izbolj\u0161anem zdravju vimena. Blagih ali zmernih oku\u017eb vimena skoraj ni ve\u010d.    <\/p>\n\n<div class=\"wp-block-group has-green-lighter-background-color has-background has-global-padding is-layout-constrained wp-block-group-is-layout-constrained\">\n<p class=\"has-text-align-center\" style=\"padding-right:var(--wp--preset--spacing--150);padding-left:var(--wp--preset--spacing--150)\"><strong><strong><strong><em>&#8220;Vsekakor lahko vidimo dolgoro\u010den in pozitiven u\u010dinek, saj izdelek hranimo \u017ee ve\u010d kot osem mesecev!&#8221;<\/em> <\/strong>je prepri\u010dan Johann.<\/strong><\/strong><\/p>\n<\/div>\n\n<h2 class=\"wp-block-heading\">Outlook<\/h2>\n\n<p>Kmetija Moitzi je ena od najbolj\u0161ih kmetij za vzrejo in proizvodnjo konj pasme Fleckvieh v Avstriji. Po podatkih LKV je bilo leta 2020 v hlevu povpre\u010dno 11.593 kg mleka s 4,07 % ma\u0161\u010dobe, 3,54 % beljakovin in 882 kg ma\u0161\u010dobnih beljakovin od 82,8 krav molznic. Dru\u017eina Moitzi \u0161e naprej pripisuje velik pomen uspe\u0161nosti pri reji, pa tudi zdravju \u017eivali in dolgo\u017eivosti \u010drede.  <\/p>\n\n<p>Poleti bo name\u0161\u010den nov robot za mol\u017eo, predvsem zato, da bi omogo\u010dil prilagodljivost delovnega \u010dasa in zagotovil ve\u010d podatkov za zdravje \u017eivali. Poleg tega bo na strehi hleva name\u0161\u010den fotovoltai\u010dni sistem z zmogljivostjo 50 KWp. <\/p>\n\n<p class=\"has-text-align-center has-green-color has-text-color has-link-color has-xl-font-size wp-elements-d2dd4651e9bcaceb4220091345d3d2c5\"><strong>Dru\u017ebi Fritz Jeitler Futtermittel in BIOMIN se zahvaljujemo za zaupanje in uspe\u0161no sodelovanje ter jim \u017eelimo vse najbolj\u0161e in \u0161e naprej uspe\u0161no poslovanje!<\/strong><\/p>\n\n<div class=\"wp-block-query is-layout-flow wp-block-query-is-layout-flow\"><\/div>\n","protected":false},"excerpt":{"rendered":"<p>Mycofix\u00ae &#8211; Zdravje \u017eivali v visoko zmogljivem sektorju! Dru\u017eina Elisabeth in Johann Moitzi iz Obdacha je \u017ee vrsto let ena najbolj\u0161ih rejskih kmetij Fleckvieh v Avstriji. \u0160tevilne nagrade in priznanja pri\u010dajo o uspehu njunega rejskega dela. Proizvodnja temelji na proizvodnji mleka in prodaji plemenskih \u017eivali. Partnerstvo s kakovostjo tresenja rok Mlado govedo se vzreja na [&hellip;]<\/p>\n","protected":false},"featured_media":3850,"template":"","testimonial-category":[15],"class_list":["post-5796","cg_testimonial","type-cg_testimonial","status-publish","has-post-thumbnail","hentry","testimonial-category-rind"],"yoast_head":"<!-- This site is optimized with the Yoast SEO plugin v26.7 - https:\/\/yoast.com\/wordpress\/plugins\/seo\/ -->\n<title>Mycofix\u00ae - Zdravje \u017eivali v visoko zmogljivem sektorju! - Fritz Jeitler Futtermittel<\/title>\n<meta name=\"description\" content=\"Vrhunska u\u010dinkovitost za dru\u017eino Moitzi: Mycofix\u00ae zmanj\u0161uje \u0161tevilo celic in te\u017eave z vimenom - zdrave krave in stabilna mle\u010dnost.\" \/>\n<meta name=\"robots\" content=\"index, follow, max-snippet:-1, max-image-preview:large, max-video-preview:-1\" \/>\n<link rel=\"canonical\" href=\"https:\/\/fritzjeitler.com\/sl\/testimonial\/mycofix-zdravje-zivali-v-visoko-zmogljivem-sektorju\/\" \/>\n<meta property=\"og:locale\" content=\"sl_SI\" \/>\n<meta property=\"og:type\" content=\"article\" \/>\n<meta property=\"og:title\" content=\"Mycofix\u00ae - Zdravje \u017eivali v visoko zmogljivem sektorju! - Fritz Jeitler Futtermittel\" \/>\n<meta property=\"og:description\" content=\"Vrhunska u\u010dinkovitost za dru\u017eino Moitzi: Mycofix\u00ae zmanj\u0161uje \u0161tevilo celic in te\u017eave z vimenom - zdrave krave in stabilna mle\u010dnost.\" \/>\n<meta property=\"og:url\" content=\"https:\/\/fritzjeitler.com\/sl\/testimonial\/mycofix-zdravje-zivali-v-visoko-zmogljivem-sektorju\/\" \/>\n<meta property=\"og:site_name\" content=\"Fritz Jeitler Futtermittel\" \/>\n<meta property=\"article:modified_time\" content=\"2026-04-22T15:31:03+00:00\" \/>\n<meta property=\"og:image\" content=\"https:\/\/fritzjeitler.com\/wp-content\/uploads\/2026\/03\/RF-01-2021-Moitzi-2.jpg\" \/>\n\t<meta property=\"og:image:width\" content=\"992\" \/>\n\t<meta property=\"og:image:height\" content=\"744\" \/>\n\t<meta property=\"og:image:type\" content=\"image\/jpeg\" \/>\n<meta name=\"twitter:card\" content=\"summary_large_image\" \/>\n<meta name=\"twitter:label1\" content=\"Est. reading time\" \/>\n\t<meta name=\"twitter:data1\" content=\"2 minuti\" \/>\n<script type=\"application\/ld+json\" class=\"yoast-schema-graph\">{\"@context\":\"https:\/\/schema.org\",\"@graph\":[{\"@type\":\"WebPage\",\"@id\":\"https:\/\/fritzjeitler.com\/sl\/testimonial\/mycofix-zdravje-zivali-v-visoko-zmogljivem-sektorju\/\",\"url\":\"https:\/\/fritzjeitler.com\/sl\/testimonial\/mycofix-zdravje-zivali-v-visoko-zmogljivem-sektorju\/\",\"name\":\"Mycofix\u00ae - Zdravje \u017eivali v visoko zmogljivem sektorju! - Fritz Jeitler Futtermittel\",\"isPartOf\":{\"@id\":\"https:\/\/fritzjeitler.com\/sl\/#website\"},\"primaryImageOfPage\":{\"@id\":\"https:\/\/fritzjeitler.com\/sl\/testimonial\/mycofix-zdravje-zivali-v-visoko-zmogljivem-sektorju\/#primaryimage\"},\"image\":{\"@id\":\"https:\/\/fritzjeitler.com\/sl\/testimonial\/mycofix-zdravje-zivali-v-visoko-zmogljivem-sektorju\/#primaryimage\"},\"thumbnailUrl\":\"https:\/\/fritzjeitler.com\/wp-content\/uploads\/2026\/03\/RF-01-2021-Moitzi-2.jpg\",\"datePublished\":\"2026-03-11T08:28:46+00:00\",\"dateModified\":\"2026-04-22T15:31:03+00:00\",\"description\":\"Vrhunska u\u010dinkovitost za dru\u017eino Moitzi: Mycofix\u00ae zmanj\u0161uje \u0161tevilo celic in te\u017eave z vimenom - zdrave krave in stabilna mle\u010dnost.\",\"breadcrumb\":{\"@id\":\"https:\/\/fritzjeitler.com\/sl\/testimonial\/mycofix-zdravje-zivali-v-visoko-zmogljivem-sektorju\/#breadcrumb\"},\"inLanguage\":\"sl-SI\",\"potentialAction\":[{\"@type\":\"ReadAction\",\"target\":[\"https:\/\/fritzjeitler.com\/sl\/testimonial\/mycofix-zdravje-zivali-v-visoko-zmogljivem-sektorju\/\"]}]},{\"@type\":\"ImageObject\",\"inLanguage\":\"sl-SI\",\"@id\":\"https:\/\/fritzjeitler.com\/sl\/testimonial\/mycofix-zdravje-zivali-v-visoko-zmogljivem-sektorju\/#primaryimage\",\"url\":\"https:\/\/fritzjeitler.com\/wp-content\/uploads\/2026\/03\/RF-01-2021-Moitzi-2.jpg\",\"contentUrl\":\"https:\/\/fritzjeitler.com\/wp-content\/uploads\/2026\/03\/RF-01-2021-Moitzi-2.jpg\",\"width\":992,\"height\":744,\"caption\":\"Familie Elisabeth und Johann Moitzi aus Obdach\"},{\"@type\":\"BreadcrumbList\",\"@id\":\"https:\/\/fritzjeitler.com\/sl\/testimonial\/mycofix-zdravje-zivali-v-visoko-zmogljivem-sektorju\/#breadcrumb\",\"itemListElement\":[{\"@type\":\"ListItem\",\"position\":1,\"name\":\"Home\",\"item\":\"https:\/\/fritzjeitler.com\/sl\/\"},{\"@type\":\"ListItem\",\"position\":2,\"name\":\"Mycofix\u00ae &#8211; Zdravje \u017eivali v visoko zmogljivem sektorju!\"}]},{\"@type\":\"WebSite\",\"@id\":\"https:\/\/fritzjeitler.com\/sl\/#website\",\"url\":\"https:\/\/fritzjeitler.com\/sl\/\",\"name\":\"Fritz Jeitler Futtermittel\",\"description\":\"\",\"potentialAction\":[{\"@type\":\"SearchAction\",\"target\":{\"@type\":\"EntryPoint\",\"urlTemplate\":\"https:\/\/fritzjeitler.com\/sl\/?s={search_term_string}\"},\"query-input\":{\"@type\":\"PropertyValueSpecification\",\"valueRequired\":true,\"valueName\":\"search_term_string\"}}],\"inLanguage\":\"sl-SI\"}]}<\/script>\n<!-- \/ Yoast SEO plugin. -->","yoast_head_json":{"title":"Mycofix\u00ae - Zdravje \u017eivali v visoko zmogljivem sektorju! - Fritz Jeitler Futtermittel","description":"Vrhunska u\u010dinkovitost za dru\u017eino Moitzi: Mycofix\u00ae zmanj\u0161uje \u0161tevilo celic in te\u017eave z vimenom - zdrave krave in stabilna mle\u010dnost.","robots":{"index":"index","follow":"follow","max-snippet":"max-snippet:-1","max-image-preview":"max-image-preview:large","max-video-preview":"max-video-preview:-1"},"canonical":"https:\/\/fritzjeitler.com\/sl\/testimonial\/mycofix-zdravje-zivali-v-visoko-zmogljivem-sektorju\/","og_locale":"sl_SI","og_type":"article","og_title":"Mycofix\u00ae - Zdravje \u017eivali v visoko zmogljivem sektorju! - Fritz Jeitler Futtermittel","og_description":"Vrhunska u\u010dinkovitost za dru\u017eino Moitzi: Mycofix\u00ae zmanj\u0161uje \u0161tevilo celic in te\u017eave z vimenom - zdrave krave in stabilna mle\u010dnost.","og_url":"https:\/\/fritzjeitler.com\/sl\/testimonial\/mycofix-zdravje-zivali-v-visoko-zmogljivem-sektorju\/","og_site_name":"Fritz Jeitler Futtermittel","article_modified_time":"2026-04-22T15:31:03+00:00","og_image":[{"width":992,"height":744,"url":"https:\/\/fritzjeitler.com\/wp-content\/uploads\/2026\/03\/RF-01-2021-Moitzi-2.jpg","type":"image\/jpeg"}],"twitter_card":"summary_large_image","twitter_misc":{"Est. reading time":"2 minuti"},"schema":{"@context":"https:\/\/schema.org","@graph":[{"@type":"WebPage","@id":"https:\/\/fritzjeitler.com\/sl\/testimonial\/mycofix-zdravje-zivali-v-visoko-zmogljivem-sektorju\/","url":"https:\/\/fritzjeitler.com\/sl\/testimonial\/mycofix-zdravje-zivali-v-visoko-zmogljivem-sektorju\/","name":"Mycofix\u00ae - Zdravje \u017eivali v visoko zmogljivem sektorju! - Fritz Jeitler Futtermittel","isPartOf":{"@id":"https:\/\/fritzjeitler.com\/sl\/#website"},"primaryImageOfPage":{"@id":"https:\/\/fritzjeitler.com\/sl\/testimonial\/mycofix-zdravje-zivali-v-visoko-zmogljivem-sektorju\/#primaryimage"},"image":{"@id":"https:\/\/fritzjeitler.com\/sl\/testimonial\/mycofix-zdravje-zivali-v-visoko-zmogljivem-sektorju\/#primaryimage"},"thumbnailUrl":"https:\/\/fritzjeitler.com\/wp-content\/uploads\/2026\/03\/RF-01-2021-Moitzi-2.jpg","datePublished":"2026-03-11T08:28:46+00:00","dateModified":"2026-04-22T15:31:03+00:00","description":"Vrhunska u\u010dinkovitost za dru\u017eino Moitzi: Mycofix\u00ae zmanj\u0161uje \u0161tevilo celic in te\u017eave z vimenom - zdrave krave in stabilna mle\u010dnost.","breadcrumb":{"@id":"https:\/\/fritzjeitler.com\/sl\/testimonial\/mycofix-zdravje-zivali-v-visoko-zmogljivem-sektorju\/#breadcrumb"},"inLanguage":"sl-SI","potentialAction":[{"@type":"ReadAction","target":["https:\/\/fritzjeitler.com\/sl\/testimonial\/mycofix-zdravje-zivali-v-visoko-zmogljivem-sektorju\/"]}]},{"@type":"ImageObject","inLanguage":"sl-SI","@id":"https:\/\/fritzjeitler.com\/sl\/testimonial\/mycofix-zdravje-zivali-v-visoko-zmogljivem-sektorju\/#primaryimage","url":"https:\/\/fritzjeitler.com\/wp-content\/uploads\/2026\/03\/RF-01-2021-Moitzi-2.jpg","contentUrl":"https:\/\/fritzjeitler.com\/wp-content\/uploads\/2026\/03\/RF-01-2021-Moitzi-2.jpg","width":992,"height":744,"caption":"Familie Elisabeth und Johann Moitzi aus Obdach"},{"@type":"BreadcrumbList","@id":"https:\/\/fritzjeitler.com\/sl\/testimonial\/mycofix-zdravje-zivali-v-visoko-zmogljivem-sektorju\/#breadcrumb","itemListElement":[{"@type":"ListItem","position":1,"name":"Home","item":"https:\/\/fritzjeitler.com\/sl\/"},{"@type":"ListItem","position":2,"name":"Mycofix\u00ae &#8211; Zdravje \u017eivali v visoko zmogljivem sektorju!"}]},{"@type":"WebSite","@id":"https:\/\/fritzjeitler.com\/sl\/#website","url":"https:\/\/fritzjeitler.com\/sl\/","name":"Fritz Jeitler Futtermittel","description":"","potentialAction":[{"@type":"SearchAction","target":{"@type":"EntryPoint","urlTemplate":"https:\/\/fritzjeitler.com\/sl\/?s={search_term_string}"},"query-input":{"@type":"PropertyValueSpecification","valueRequired":true,"valueName":"search_term_string"}}],"inLanguage":"sl-SI"}]}},"_links":{"self":[{"href":"https:\/\/fritzjeitler.com\/sl\/wp-json\/wp\/v2\/testimonial\/5796","targetHints":{"allow":["GET"]}}],"collection":[{"href":"https:\/\/fritzjeitler.com\/sl\/wp-json\/wp\/v2\/testimonial"}],"about":[{"href":"https:\/\/fritzjeitler.com\/sl\/wp-json\/wp\/v2\/types\/cg_testimonial"}],"wp:featuredmedia":[{"embeddable":true,"href":"https:\/\/fritzjeitler.com\/sl\/wp-json\/wp\/v2\/media\/3850"}],"wp:attachment":[{"href":"https:\/\/fritzjeitler.com\/sl\/wp-json\/wp\/v2\/media?parent=5796"}],"wp:term":[{"taxonomy":"testimonial-category","embeddable":true,"href":"https:\/\/fritzjeitler.com\/sl\/wp-json\/wp\/v2\/testimonial-category?post=5796"}],"curies":[{"name":"wp","href":"https:\/\/api.w.org\/{rel}","templated":true}]}}