{"id":5791,"date":"2026-03-11T08:56:15","date_gmt":"2026-03-11T07:56:15","guid":{"rendered":"https:\/\/fritzjeitler.com\/testimonial\/mlecna-kmetija-na-koroskem\/"},"modified":"2026-04-22T17:06:34","modified_gmt":"2026-04-22T15:06:34","slug":"mlecna-kmetija-na-koroskem","status":"publish","type":"cg_testimonial","link":"https:\/\/fritzjeitler.com\/sl\/testimonial\/mlecna-kmetija-na-koroskem\/","title":{"rendered":"Mle\u010dna kmetija na Koro\u0161kem"},"content":{"rendered":"\n<h1 class=\"wp-block-heading\">Mle\u010dna kmetija na Koro\u0161kem<\/h1>\n\n<p>Dru\u017eina Kofler, vulgo &#8220;Irgerle Hof&#8221;, vodi mle\u010dno kmetijo s 40 kravami molznicami in njihovimi potomci, ki jih selektivno parijo. Preostali del \u010drede se obi\u010dajno pari z mesnimi pasmami goveda, ve\u010dinoma z belomodrimi belgijskimi kravami. Mo\u0161ka teleta se prodajajo pri starosti 1-1,5 meseca.  <\/p>\n\n<figure class=\"wp-block-image aligncenter size-full\"><img loading=\"lazy\" decoding=\"async\" width=\"671\" height=\"417\" src=\"https:\/\/fritzjeitler.com\/wp-content\/uploads\/2026\/03\/Reportage.png\" alt=\"Leonhard Kofler und Berater \" class=\"wp-image-3839\" srcset=\"https:\/\/fritzjeitler.com\/wp-content\/uploads\/2026\/03\/Reportage.png 671w, https:\/\/fritzjeitler.com\/wp-content\/uploads\/2026\/03\/Reportage-300x186.png 300w\" sizes=\"auto, (max-width: 671px) 100vw, 671px\" \/><figcaption class=\"wp-element-caption\">Leonhard Kofler in svetovalec Simon Thamer<\/figcaption><\/figure>\n\n<h2 class=\"wp-block-heading\">Tr\u017eenje namiznega krompirja<\/h2>\n\n<p>Pridelava doma\u010dega krompirja ima na kmetiji \u017ee vrsto let pomembno vlogo. Krompir se skladi\u0161\u010di neposredno na kmetiji in prodaja na kmetiji. Dru\u017eina Kofler nekaj pridelkov tr\u017ei tudi v gostinstvu in regionalnih zasebnih supermarketih.  <\/p>\n\n<div class=\"wp-block-columns is-layout-flex wp-container-core-columns-is-layout-2ce4bb24 wp-block-columns-is-layout-flex\" style=\"padding-top:var(--wp--preset--spacing--110);padding-bottom:var(--wp--preset--spacing--110)\">\n<div class=\"wp-block-column is-vertically-aligned-center is-layout-flow wp-block-column-is-layout-flow\" style=\"flex-basis:66.66%\">\n<h2 class=\"wp-block-heading\">Napajanje z me\u0161alnim vozom<\/h2>\n\n\n\n<p>Na kmetiji se hranijo s krmilom TMR, ki temelji na 2\/3 travne sila\u017ee in 1\/3 koruzne sila\u017ee. Lastno \u017eito in koruzo za zrnje kmetija zmelje in skladi\u0161\u010di z mobilno napravo za mletje in me\u0161anje. Poleg tega se uporabljajo suhi kosi in beljakovinska krma na osnovi oljne ogr\u0161\u010dice in sojine moke. Dnevna krmna me\u0161anica je dolo\u010dena na dnevno koli\u010dino mleka 33 litrov in se hrani v treh obrokih. Poleg tega se v me\u0161alnem vagonu doda voda, da se zagotovi ustrezna vsebnost suhe snovi za optimalen vnos krme TMR!    <\/p>\n<\/div>\n\n\n\n<div class=\"wp-block-column is-vertically-aligned-center is-layout-flow wp-block-column-is-layout-flow\" style=\"flex-basis:33.33%\">\n<figure class=\"wp-block-image size-full is-resized\"><img loading=\"lazy\" decoding=\"async\" width=\"489\" height=\"334\" src=\"https:\/\/fritzjeitler.com\/wp-content\/uploads\/2026\/03\/image-21.png\" alt=\"Betriebsspiegel vom \u201eIrgerle Hof\u201c\" class=\"wp-image-3841\" style=\"aspect-ratio:1.4640410958904109;object-fit:cover;width:300px\" srcset=\"https:\/\/fritzjeitler.com\/wp-content\/uploads\/2026\/03\/image-21.png 489w, https:\/\/fritzjeitler.com\/wp-content\/uploads\/2026\/03\/image-21-300x205.png 300w\" sizes=\"auto, (max-width: 489px) 100vw, 489px\" \/><\/figure>\n<\/div>\n<\/div>\n\n<h2 class=\"wp-block-heading\">Mycofix\u00ae od julija 2021<\/h2>\n\n<p>Zlasti v poletnih mesecih imajo \u0161tevilne mle\u010dne kmetije te\u017eave s pove\u010danim \u0161tevilom celic, zmanj\u0161ano mle\u010dnostjo in pove\u010danim \u0161tevilom oku\u017eb vimena. Na Koflerjevi kmetiji se je kakovost mleka v cisterni znatno izbolj\u0161ala. <strong>&#8220;\u0160tevilo celic se je s krmljenjem z Mycofixom\u00ae stalno zmanj\u0161evalo<\/strong>,&#8221; pravi Leonhard Kofler. Oku\u017ebe vimena so postale manj pogoste, oku\u017ebe pa so manj intenzivne in se celijo hitreje kot prej. Leonhard Kofler je prepri\u010dan, da je <strong>&#8220;hranjenje z izdelkom Mycofix\u00ae smiselno in vsekakor trajnostno&#8221;.<\/strong>   <\/p>\n\n<div class=\"wp-block-group has-green-lighter-background-color has-background has-global-padding is-layout-constrained wp-block-group-is-layout-constrained\">\n<p class=\"has-text-align-center\" style=\"padding-right:var(--wp--preset--spacing--150);padding-left:var(--wp--preset--spacing--150)\"><strong><strong>&#8220;\u0160tevilo celic se je z uporabo Mycofiksa\u00ae nenehno zmanj\u0161evalo.&#8221;<\/strong><\/strong><\/p>\n<\/div>\n\n<p class=\"has-text-align-center has-green-color has-text-color has-link-color has-xl-font-size wp-elements-a877ffdee9716116c543046deb06f3ec\"><strong>Simon Thamer in podjetje Fritz Jeitler Futtermittel se vam zahvaljujejo za va\u0161e zaupanje in vam \u017eelijo vse najbolj\u0161e ter \u0161e naprej uspe\u0161no delo!<\/strong><\/p>\n\n<div class=\"wp-block-query is-layout-flow wp-block-query-is-layout-flow\"><\/div>\n","protected":false},"excerpt":{"rendered":"<p>Mle\u010dna kmetija na Koro\u0161kem Dru\u017eina Kofler, vulgo &#8220;Irgerle Hof&#8221;, vodi mle\u010dno kmetijo s 40 kravami molznicami in njihovimi potomci, ki jih selektivno parijo. Preostali del \u010drede se obi\u010dajno pari z mesnimi pasmami goveda, ve\u010dinoma z belomodrimi belgijskimi kravami. Mo\u0161ka teleta se prodajajo pri starosti 1-1,5 meseca. Tr\u017eenje namiznega krompirja Pridelava doma\u010dega krompirja ima na kmetiji [&hellip;]<\/p>\n","protected":false},"featured_media":3840,"template":"","testimonial-category":[15],"class_list":["post-5791","cg_testimonial","type-cg_testimonial","status-publish","has-post-thumbnail","hentry","testimonial-category-rind"],"yoast_head":"<!-- This site is optimized with the Yoast SEO plugin v26.7 - https:\/\/yoast.com\/wordpress\/plugins\/seo\/ -->\n<title>Mle\u010dna kmetija na Koro\u0161kem - Fritz Jeitler Futtermittel<\/title>\n<meta name=\"description\" content=\"Mle\u010dna kmetija Kofler: bolj\u0161a kakovost mleka zaradi Mycofix\u00ae - manj\u0161e \u0161tevilo celic, manj oku\u017eb vimena, zmogljiva \u010dreda.\" \/>\n<meta name=\"robots\" content=\"index, follow, max-snippet:-1, max-image-preview:large, max-video-preview:-1\" \/>\n<link rel=\"canonical\" href=\"https:\/\/fritzjeitler.com\/sl\/testimonial\/mlecna-kmetija-na-koroskem\/\" \/>\n<meta property=\"og:locale\" content=\"sl_SI\" \/>\n<meta property=\"og:type\" content=\"article\" \/>\n<meta property=\"og:title\" content=\"Mle\u010dna kmetija na Koro\u0161kem - Fritz Jeitler Futtermittel\" \/>\n<meta property=\"og:description\" content=\"Mle\u010dna kmetija Kofler: bolj\u0161a kakovost mleka zaradi Mycofix\u00ae - manj\u0161e \u0161tevilo celic, manj oku\u017eb vimena, zmogljiva \u010dreda.\" \/>\n<meta property=\"og:url\" content=\"https:\/\/fritzjeitler.com\/sl\/testimonial\/mlecna-kmetija-na-koroskem\/\" \/>\n<meta property=\"og:site_name\" content=\"Fritz Jeitler Futtermittel\" \/>\n<meta property=\"article:modified_time\" content=\"2026-04-22T15:06:34+00:00\" \/>\n<meta property=\"og:image\" content=\"https:\/\/fritzjeitler.com\/wp-content\/uploads\/2026\/03\/Reportage.png\" \/>\n\t<meta property=\"og:image:width\" content=\"671\" \/>\n\t<meta property=\"og:image:height\" content=\"417\" \/>\n\t<meta property=\"og:image:type\" content=\"image\/png\" \/>\n<meta name=\"twitter:card\" content=\"summary_large_image\" \/>\n<meta name=\"twitter:label1\" content=\"Est. reading time\" \/>\n\t<meta name=\"twitter:data1\" content=\"2 minuti\" \/>\n<script type=\"application\/ld+json\" class=\"yoast-schema-graph\">{\"@context\":\"https:\/\/schema.org\",\"@graph\":[{\"@type\":\"WebPage\",\"@id\":\"https:\/\/fritzjeitler.com\/sl\/testimonial\/mlecna-kmetija-na-koroskem\/\",\"url\":\"https:\/\/fritzjeitler.com\/sl\/testimonial\/mlecna-kmetija-na-koroskem\/\",\"name\":\"Mle\u010dna kmetija na Koro\u0161kem - Fritz Jeitler Futtermittel\",\"isPartOf\":{\"@id\":\"https:\/\/fritzjeitler.com\/sl\/#website\"},\"primaryImageOfPage\":{\"@id\":\"https:\/\/fritzjeitler.com\/sl\/testimonial\/mlecna-kmetija-na-koroskem\/#primaryimage\"},\"image\":{\"@id\":\"https:\/\/fritzjeitler.com\/sl\/testimonial\/mlecna-kmetija-na-koroskem\/#primaryimage\"},\"thumbnailUrl\":\"https:\/\/fritzjeitler.com\/wp-content\/uploads\/2026\/03\/Reportage.png\",\"datePublished\":\"2026-03-11T07:56:15+00:00\",\"dateModified\":\"2026-04-22T15:06:34+00:00\",\"description\":\"Mle\u010dna kmetija Kofler: bolj\u0161a kakovost mleka zaradi Mycofix\u00ae - manj\u0161e \u0161tevilo celic, manj oku\u017eb vimena, zmogljiva \u010dreda.\",\"breadcrumb\":{\"@id\":\"https:\/\/fritzjeitler.com\/sl\/testimonial\/mlecna-kmetija-na-koroskem\/#breadcrumb\"},\"inLanguage\":\"sl-SI\",\"potentialAction\":[{\"@type\":\"ReadAction\",\"target\":[\"https:\/\/fritzjeitler.com\/sl\/testimonial\/mlecna-kmetija-na-koroskem\/\"]}]},{\"@type\":\"ImageObject\",\"inLanguage\":\"sl-SI\",\"@id\":\"https:\/\/fritzjeitler.com\/sl\/testimonial\/mlecna-kmetija-na-koroskem\/#primaryimage\",\"url\":\"https:\/\/fritzjeitler.com\/wp-content\/uploads\/2026\/03\/Reportage.png\",\"contentUrl\":\"https:\/\/fritzjeitler.com\/wp-content\/uploads\/2026\/03\/Reportage.png\",\"width\":671,\"height\":417,\"caption\":\"Leonhard Kofler und Berater\"},{\"@type\":\"BreadcrumbList\",\"@id\":\"https:\/\/fritzjeitler.com\/sl\/testimonial\/mlecna-kmetija-na-koroskem\/#breadcrumb\",\"itemListElement\":[{\"@type\":\"ListItem\",\"position\":1,\"name\":\"Home\",\"item\":\"https:\/\/fritzjeitler.com\/sl\/\"},{\"@type\":\"ListItem\",\"position\":2,\"name\":\"Mle\u010dna kmetija na Koro\u0161kem\"}]},{\"@type\":\"WebSite\",\"@id\":\"https:\/\/fritzjeitler.com\/sl\/#website\",\"url\":\"https:\/\/fritzjeitler.com\/sl\/\",\"name\":\"Fritz Jeitler Futtermittel\",\"description\":\"\",\"potentialAction\":[{\"@type\":\"SearchAction\",\"target\":{\"@type\":\"EntryPoint\",\"urlTemplate\":\"https:\/\/fritzjeitler.com\/sl\/?s={search_term_string}\"},\"query-input\":{\"@type\":\"PropertyValueSpecification\",\"valueRequired\":true,\"valueName\":\"search_term_string\"}}],\"inLanguage\":\"sl-SI\"}]}<\/script>\n<!-- \/ Yoast SEO plugin. -->","yoast_head_json":{"title":"Mle\u010dna kmetija na Koro\u0161kem - Fritz Jeitler Futtermittel","description":"Mle\u010dna kmetija Kofler: bolj\u0161a kakovost mleka zaradi Mycofix\u00ae - manj\u0161e \u0161tevilo celic, manj oku\u017eb vimena, zmogljiva \u010dreda.","robots":{"index":"index","follow":"follow","max-snippet":"max-snippet:-1","max-image-preview":"max-image-preview:large","max-video-preview":"max-video-preview:-1"},"canonical":"https:\/\/fritzjeitler.com\/sl\/testimonial\/mlecna-kmetija-na-koroskem\/","og_locale":"sl_SI","og_type":"article","og_title":"Mle\u010dna kmetija na Koro\u0161kem - Fritz Jeitler Futtermittel","og_description":"Mle\u010dna kmetija Kofler: bolj\u0161a kakovost mleka zaradi Mycofix\u00ae - manj\u0161e \u0161tevilo celic, manj oku\u017eb vimena, zmogljiva \u010dreda.","og_url":"https:\/\/fritzjeitler.com\/sl\/testimonial\/mlecna-kmetija-na-koroskem\/","og_site_name":"Fritz Jeitler Futtermittel","article_modified_time":"2026-04-22T15:06:34+00:00","og_image":[{"width":671,"height":417,"url":"https:\/\/fritzjeitler.com\/wp-content\/uploads\/2026\/03\/Reportage.png","type":"image\/png"}],"twitter_card":"summary_large_image","twitter_misc":{"Est. reading time":"2 minuti"},"schema":{"@context":"https:\/\/schema.org","@graph":[{"@type":"WebPage","@id":"https:\/\/fritzjeitler.com\/sl\/testimonial\/mlecna-kmetija-na-koroskem\/","url":"https:\/\/fritzjeitler.com\/sl\/testimonial\/mlecna-kmetija-na-koroskem\/","name":"Mle\u010dna kmetija na Koro\u0161kem - Fritz Jeitler Futtermittel","isPartOf":{"@id":"https:\/\/fritzjeitler.com\/sl\/#website"},"primaryImageOfPage":{"@id":"https:\/\/fritzjeitler.com\/sl\/testimonial\/mlecna-kmetija-na-koroskem\/#primaryimage"},"image":{"@id":"https:\/\/fritzjeitler.com\/sl\/testimonial\/mlecna-kmetija-na-koroskem\/#primaryimage"},"thumbnailUrl":"https:\/\/fritzjeitler.com\/wp-content\/uploads\/2026\/03\/Reportage.png","datePublished":"2026-03-11T07:56:15+00:00","dateModified":"2026-04-22T15:06:34+00:00","description":"Mle\u010dna kmetija Kofler: bolj\u0161a kakovost mleka zaradi Mycofix\u00ae - manj\u0161e \u0161tevilo celic, manj oku\u017eb vimena, zmogljiva \u010dreda.","breadcrumb":{"@id":"https:\/\/fritzjeitler.com\/sl\/testimonial\/mlecna-kmetija-na-koroskem\/#breadcrumb"},"inLanguage":"sl-SI","potentialAction":[{"@type":"ReadAction","target":["https:\/\/fritzjeitler.com\/sl\/testimonial\/mlecna-kmetija-na-koroskem\/"]}]},{"@type":"ImageObject","inLanguage":"sl-SI","@id":"https:\/\/fritzjeitler.com\/sl\/testimonial\/mlecna-kmetija-na-koroskem\/#primaryimage","url":"https:\/\/fritzjeitler.com\/wp-content\/uploads\/2026\/03\/Reportage.png","contentUrl":"https:\/\/fritzjeitler.com\/wp-content\/uploads\/2026\/03\/Reportage.png","width":671,"height":417,"caption":"Leonhard Kofler und Berater"},{"@type":"BreadcrumbList","@id":"https:\/\/fritzjeitler.com\/sl\/testimonial\/mlecna-kmetija-na-koroskem\/#breadcrumb","itemListElement":[{"@type":"ListItem","position":1,"name":"Home","item":"https:\/\/fritzjeitler.com\/sl\/"},{"@type":"ListItem","position":2,"name":"Mle\u010dna kmetija na Koro\u0161kem"}]},{"@type":"WebSite","@id":"https:\/\/fritzjeitler.com\/sl\/#website","url":"https:\/\/fritzjeitler.com\/sl\/","name":"Fritz Jeitler Futtermittel","description":"","potentialAction":[{"@type":"SearchAction","target":{"@type":"EntryPoint","urlTemplate":"https:\/\/fritzjeitler.com\/sl\/?s={search_term_string}"},"query-input":{"@type":"PropertyValueSpecification","valueRequired":true,"valueName":"search_term_string"}}],"inLanguage":"sl-SI"}]}},"_links":{"self":[{"href":"https:\/\/fritzjeitler.com\/sl\/wp-json\/wp\/v2\/testimonial\/5791","targetHints":{"allow":["GET"]}}],"collection":[{"href":"https:\/\/fritzjeitler.com\/sl\/wp-json\/wp\/v2\/testimonial"}],"about":[{"href":"https:\/\/fritzjeitler.com\/sl\/wp-json\/wp\/v2\/types\/cg_testimonial"}],"wp:featuredmedia":[{"embeddable":true,"href":"https:\/\/fritzjeitler.com\/sl\/wp-json\/wp\/v2\/media\/3840"}],"wp:attachment":[{"href":"https:\/\/fritzjeitler.com\/sl\/wp-json\/wp\/v2\/media?parent=5791"}],"wp:term":[{"taxonomy":"testimonial-category","embeddable":true,"href":"https:\/\/fritzjeitler.com\/sl\/wp-json\/wp\/v2\/testimonial-category?post=5791"}],"curies":[{"name":"wp","href":"https:\/\/api.w.org\/{rel}","templated":true}]}}